{"id":394125,"date":"2025-06-29T10:54:19","date_gmt":"2025-06-29T08:54:19","guid":{"rendered":"https:\/\/igmi.esercito.difesa.it\/prodotto\/390464\/"},"modified":"2026-04-09T14:23:40","modified_gmt":"2026-04-09T12:23:40","slug":"390464","status":"publish","type":"product","link":"https:\/\/igmi.esercito.difesa.it\/en\/prodotto\/390464\/","title":{"rendered":"IL PIEMONTE SOTTO DEL QUALE VENGONO COMPRESI IL DUCATO D&#8217;AOSTA  IL PRINCIPATO DI PIEMONTE,LA SIGNORIA DI VERCELLI,LI MARCHESATI DI SUSA E DI SALUZZO,LA CONTEA D&#8217;ASTI ET IL CANAVESE CON PARTE DEL DUCATO DI MONFERRATO &#8211; Tav. 2"},"content":{"rendered":"<p>SPETTANTE ALLA CASA REALE DI SAVOIA,RIMANENDO L&#8217;ALTRA PARTE AL SERENISS.MO DI MANTOVA il tutto descritto da Giacomo Cantelli Geografo del Sereniss.mo S.r Duca di Modena, e dato in luce da Domenico De Rossi, ecc.<br \/>\nQuesta carta \u00e8 una copia di quella descritta nel catalogo ragionato alla pagina 78,numero di ordine 8, N.38 Collezione Bianconi. L&#8217;unica differenza con quella carta \u00e8 che questa \u00e8 costituita da 4 spezzoni separati. Nel Catalogo ragionato essa viene cos\u00ec descritta : &#8221; Carta in quattro fogli riuniti su tela, facente parte del &#8220;Mercurio Geografico &#8221; edito in Roma dal Rossi. Orografia prospettica I boschi sono indicati con alberetti. E&#8217; tracciata la rete stradale. Centri abitati principali rappresentati schematicamente secondo la loro pianta. Sono distinti gli arcivescovadi,i vescovadi, i feudi imperiali e quelli della Chiesa. Limiti: nord, Orsiere; sud, Antibo;est,Campione ; ovest,Roncat. In alto a sinistra la dedica al Card. G. Fr. Albani. A sinistra le scale grafiche in misurta antiche.<\/p>\n","protected":false},"excerpt":{"rendered":"<p>SPETTANTE ALLA CASA REALE DI SAVOIA,RIMANENDO L&#8217;ALTRA PARTE AL SERENISS.MO DI MANTOVA il tutto descritto da Giacomo Cantelli Geografo del Sereniss.mo S.r Duca di Modena, e dato in luce da Domenico De Rossi, ecc. Questa carta \u00e8 una copia di quella descritta nel catalogo ragionato alla pagina 78,numero di ordine 8, N.38 Collezione Bianconi. L&#8217;unica [&hellip;]<\/p>\n","protected":false},"featured_media":698211,"template":"","meta":{"_acf_changed":false},"product_brand":[],"product_cat":[191,447],"product_tag":[334],"class_list":{"0":"post-394125","1":"product","2":"type-product","3":"status-publish","4":"has-post-thumbnail","6":"product_cat-carte-antiche","7":"product_cat-tecnica_risoluzione_carta_antica","8":"product_tag-carta-antica","10":"first","11":"instock","12":"downloadable","13":"virtual","14":"sold-individually","15":"taxable","16":"purchasable","17":"product-type-simple"},"acf":[],"yoast_head":"<!-- This site is optimized with the Yoast SEO plugin v26.4 - https:\/\/yoast.com\/wordpress\/plugins\/seo\/ -->\n<title>IL PIEMONTE SOTTO DEL QUALE VENGONO COMPRESI IL DUCATO D&#039;AOSTA IL PRINCIPATO DI PIEMONTE,LA SIGNORIA DI VERCELLI,LI MARCHESATI DI SUSA E DI SALUZZO,LA CONTEA D&#039;ASTI ET IL CANAVESE CON PARTE DEL DUCATO DI MONFERRATO - Tav. 2 - Istituto Geografico Militare<\/title>\n<meta name=\"robots\" content=\"index, follow, max-snippet:-1, max-image-preview:large, max-video-preview:-1\" \/>\n<link rel=\"canonical\" href=\"https:\/\/igmi.esercito.difesa.it\/en\/prodotto\/390464\/\" \/>\n<meta property=\"og:locale\" content=\"en_US\" \/>\n<meta property=\"og:type\" content=\"article\" \/>\n<meta property=\"og:title\" content=\"IL PIEMONTE SOTTO DEL QUALE VENGONO COMPRESI IL DUCATO D&#039;AOSTA IL PRINCIPATO DI PIEMONTE,LA SIGNORIA DI VERCELLI,LI MARCHESATI DI SUSA E DI SALUZZO,LA CONTEA D&#039;ASTI ET IL CANAVESE CON PARTE DEL DUCATO DI MONFERRATO - Tav. 2 - Istituto Geografico Militare\" \/>\n<meta property=\"og:description\" content=\"SPETTANTE ALLA CASA REALE DI SAVOIA,RIMANENDO L&#8217;ALTRA PARTE AL SERENISS.MO DI MANTOVA il tutto descritto da Giacomo Cantelli Geografo del Sereniss.mo S.r Duca di Modena, e dato in luce da Domenico De Rossi, ecc. Questa carta \u00e8 una copia di quella descritta nel catalogo ragionato alla pagina 78,numero di ordine 8, N.38 Collezione Bianconi. L&#8217;unica [&hellip;]\" \/>\n<meta property=\"og:url\" content=\"https:\/\/igmi.esercito.difesa.it\/en\/prodotto\/390464\/\" \/>\n<meta property=\"og:site_name\" content=\"Istituto Geografico Militare\" \/>\n<meta property=\"article:modified_time\" content=\"2026-04-09T12:23:40+00:00\" \/>\n<meta property=\"og:image\" content=\"https:\/\/igmi.esercito.difesa.it\/wp-content\/uploads\/B0004113.jpg\" \/>\n\t<meta property=\"og:image:width\" content=\"1000\" \/>\n\t<meta property=\"og:image:height\" content=\"1391\" \/>\n\t<meta property=\"og:image:type\" content=\"image\/jpeg\" \/>\n<meta name=\"twitter:card\" content=\"summary_large_image\" \/>\n<meta name=\"twitter:label1\" content=\"Est. reading time\" \/>\n\t<meta name=\"twitter:data1\" content=\"1 minute\" \/>\n<script type=\"application\/ld+json\" class=\"yoast-schema-graph\">{\"@context\":\"https:\/\/schema.org\",\"@graph\":[{\"@type\":\"WebPage\",\"@id\":\"https:\/\/igmi.esercito.difesa.it\/en\/prodotto\/390464\/\",\"url\":\"https:\/\/igmi.esercito.difesa.it\/en\/prodotto\/390464\/\",\"name\":\"IL PIEMONTE SOTTO DEL QUALE VENGONO COMPRESI IL DUCATO D'AOSTA IL PRINCIPATO DI PIEMONTE,LA SIGNORIA DI VERCELLI,LI MARCHESATI DI SUSA E DI SALUZZO,LA CONTEA D'ASTI ET IL CANAVESE CON PARTE DEL DUCATO DI MONFERRATO - Tav. 2 - Istituto Geografico Militare\",\"isPartOf\":{\"@id\":\"https:\/\/igmi.esercito.difesa.it\/en\/#website\"},\"primaryImageOfPage\":{\"@id\":\"https:\/\/igmi.esercito.difesa.it\/en\/prodotto\/390464\/#primaryimage\"},\"image\":{\"@id\":\"https:\/\/igmi.esercito.difesa.it\/en\/prodotto\/390464\/#primaryimage\"},\"thumbnailUrl\":\"https:\/\/igmi.esercito.difesa.it\/wp-content\/uploads\/B0004113.jpg\",\"datePublished\":\"2025-06-29T08:54:19+00:00\",\"dateModified\":\"2026-04-09T12:23:40+00:00\",\"breadcrumb\":{\"@id\":\"https:\/\/igmi.esercito.difesa.it\/en\/prodotto\/390464\/#breadcrumb\"},\"inLanguage\":\"en-US\",\"potentialAction\":[{\"@type\":\"ReadAction\",\"target\":[\"https:\/\/igmi.esercito.difesa.it\/en\/prodotto\/390464\/\"]}]},{\"@type\":\"ImageObject\",\"inLanguage\":\"en-US\",\"@id\":\"https:\/\/igmi.esercito.difesa.it\/en\/prodotto\/390464\/#primaryimage\",\"url\":\"https:\/\/igmi.esercito.difesa.it\/wp-content\/uploads\/B0004113.jpg\",\"contentUrl\":\"https:\/\/igmi.esercito.difesa.it\/wp-content\/uploads\/B0004113.jpg\",\"width\":1000,\"height\":1391},{\"@type\":\"BreadcrumbList\",\"@id\":\"https:\/\/igmi.esercito.difesa.it\/en\/prodotto\/390464\/#breadcrumb\",\"itemListElement\":[{\"@type\":\"ListItem\",\"position\":1,\"name\":\"Home\",\"item\":\"https:\/\/igmi.esercito.difesa.it\/en\/homepage\/\"},{\"@type\":\"ListItem\",\"position\":2,\"name\":\"Products\",\"item\":\"https:\/\/igmi.esercito.difesa.it\/en\/shop\/\"},{\"@type\":\"ListItem\",\"position\":3,\"name\":\"IL PIEMONTE SOTTO DEL QUALE VENGONO COMPRESI IL DUCATO D&#8217;AOSTA IL PRINCIPATO DI PIEMONTE,LA SIGNORIA DI VERCELLI,LI MARCHESATI DI SUSA E DI SALUZZO,LA CONTEA D&#8217;ASTI ET IL CANAVESE CON PARTE DEL DUCATO DI MONFERRATO &#8211; Tav. 2\"}]},{\"@type\":\"WebSite\",\"@id\":\"https:\/\/igmi.esercito.difesa.it\/en\/#website\",\"url\":\"https:\/\/igmi.esercito.difesa.it\/en\/\",\"name\":\"Istituto Geografico Militare\",\"description\":\"Ente cartografico dello stato\",\"publisher\":{\"@id\":\"https:\/\/igmi.esercito.difesa.it\/en\/#organization\"},\"potentialAction\":[{\"@type\":\"SearchAction\",\"target\":{\"@type\":\"EntryPoint\",\"urlTemplate\":\"https:\/\/igmi.esercito.difesa.it\/en\/?s={search_term_string}\"},\"query-input\":{\"@type\":\"PropertyValueSpecification\",\"valueRequired\":true,\"valueName\":\"search_term_string\"}}],\"inLanguage\":\"en-US\"},{\"@type\":\"Organization\",\"@id\":\"https:\/\/igmi.esercito.difesa.it\/en\/#organization\",\"name\":\"Istituto Geografico Militare\",\"url\":\"https:\/\/igmi.esercito.difesa.it\/en\/\",\"logo\":{\"@type\":\"ImageObject\",\"inLanguage\":\"en-US\",\"@id\":\"https:\/\/igmi.esercito.difesa.it\/en\/#\/schema\/logo\/image\/\",\"url\":\"https:\/\/igmi.esercito.difesa.it\/wp-content\/uploads\/2025\/04\/Logo-igm.webp\",\"contentUrl\":\"https:\/\/igmi.esercito.difesa.it\/wp-content\/uploads\/2025\/04\/Logo-igm.webp\",\"width\":1320,\"height\":1696,\"caption\":\"Istituto Geografico Militare\"},\"image\":{\"@id\":\"https:\/\/igmi.esercito.difesa.it\/en\/#\/schema\/logo\/image\/\"}}]}<\/script>\n<!-- \/ Yoast SEO plugin. -->","yoast_head_json":{"title":"IL PIEMONTE SOTTO DEL QUALE VENGONO COMPRESI IL DUCATO D'AOSTA IL PRINCIPATO DI PIEMONTE,LA SIGNORIA DI VERCELLI,LI MARCHESATI DI SUSA E DI SALUZZO,LA CONTEA D'ASTI ET IL CANAVESE CON PARTE DEL DUCATO DI MONFERRATO - Tav. 2 - Istituto Geografico Militare","robots":{"index":"index","follow":"follow","max-snippet":"max-snippet:-1","max-image-preview":"max-image-preview:large","max-video-preview":"max-video-preview:-1"},"canonical":"https:\/\/igmi.esercito.difesa.it\/en\/prodotto\/390464\/","og_locale":"en_US","og_type":"article","og_title":"IL PIEMONTE SOTTO DEL QUALE VENGONO COMPRESI IL DUCATO D'AOSTA IL PRINCIPATO DI PIEMONTE,LA SIGNORIA DI VERCELLI,LI MARCHESATI DI SUSA E DI SALUZZO,LA CONTEA D'ASTI ET IL CANAVESE CON PARTE DEL DUCATO DI MONFERRATO - Tav. 2 - Istituto Geografico Militare","og_description":"SPETTANTE ALLA CASA REALE DI SAVOIA,RIMANENDO L&#8217;ALTRA PARTE AL SERENISS.MO DI MANTOVA il tutto descritto da Giacomo Cantelli Geografo del Sereniss.mo S.r Duca di Modena, e dato in luce da Domenico De Rossi, ecc. Questa carta \u00e8 una copia di quella descritta nel catalogo ragionato alla pagina 78,numero di ordine 8, N.38 Collezione Bianconi. L&#8217;unica [&hellip;]","og_url":"https:\/\/igmi.esercito.difesa.it\/en\/prodotto\/390464\/","og_site_name":"Istituto Geografico Militare","article_modified_time":"2026-04-09T12:23:40+00:00","og_image":[{"width":1000,"height":1391,"url":"https:\/\/igmi.esercito.difesa.it\/wp-content\/uploads\/B0004113.jpg","type":"image\/jpeg"}],"twitter_card":"summary_large_image","twitter_misc":{"Est. reading time":"1 minute"},"schema":{"@context":"https:\/\/schema.org","@graph":[{"@type":"WebPage","@id":"https:\/\/igmi.esercito.difesa.it\/en\/prodotto\/390464\/","url":"https:\/\/igmi.esercito.difesa.it\/en\/prodotto\/390464\/","name":"IL PIEMONTE SOTTO DEL QUALE VENGONO COMPRESI IL DUCATO D'AOSTA IL PRINCIPATO DI PIEMONTE,LA SIGNORIA DI VERCELLI,LI MARCHESATI DI SUSA E DI SALUZZO,LA CONTEA D'ASTI ET IL CANAVESE CON PARTE DEL DUCATO DI MONFERRATO - Tav. 2 - Istituto Geografico Militare","isPartOf":{"@id":"https:\/\/igmi.esercito.difesa.it\/en\/#website"},"primaryImageOfPage":{"@id":"https:\/\/igmi.esercito.difesa.it\/en\/prodotto\/390464\/#primaryimage"},"image":{"@id":"https:\/\/igmi.esercito.difesa.it\/en\/prodotto\/390464\/#primaryimage"},"thumbnailUrl":"https:\/\/igmi.esercito.difesa.it\/wp-content\/uploads\/B0004113.jpg","datePublished":"2025-06-29T08:54:19+00:00","dateModified":"2026-04-09T12:23:40+00:00","breadcrumb":{"@id":"https:\/\/igmi.esercito.difesa.it\/en\/prodotto\/390464\/#breadcrumb"},"inLanguage":"en-US","potentialAction":[{"@type":"ReadAction","target":["https:\/\/igmi.esercito.difesa.it\/en\/prodotto\/390464\/"]}]},{"@type":"ImageObject","inLanguage":"en-US","@id":"https:\/\/igmi.esercito.difesa.it\/en\/prodotto\/390464\/#primaryimage","url":"https:\/\/igmi.esercito.difesa.it\/wp-content\/uploads\/B0004113.jpg","contentUrl":"https:\/\/igmi.esercito.difesa.it\/wp-content\/uploads\/B0004113.jpg","width":1000,"height":1391},{"@type":"BreadcrumbList","@id":"https:\/\/igmi.esercito.difesa.it\/en\/prodotto\/390464\/#breadcrumb","itemListElement":[{"@type":"ListItem","position":1,"name":"Home","item":"https:\/\/igmi.esercito.difesa.it\/en\/homepage\/"},{"@type":"ListItem","position":2,"name":"Products","item":"https:\/\/igmi.esercito.difesa.it\/en\/shop\/"},{"@type":"ListItem","position":3,"name":"IL PIEMONTE SOTTO DEL QUALE VENGONO COMPRESI IL DUCATO D&#8217;AOSTA IL PRINCIPATO DI PIEMONTE,LA SIGNORIA DI VERCELLI,LI MARCHESATI DI SUSA E DI SALUZZO,LA CONTEA D&#8217;ASTI ET IL CANAVESE CON PARTE DEL DUCATO DI MONFERRATO &#8211; Tav. 2"}]},{"@type":"WebSite","@id":"https:\/\/igmi.esercito.difesa.it\/en\/#website","url":"https:\/\/igmi.esercito.difesa.it\/en\/","name":"Istituto Geografico Militare","description":"Ente cartografico dello stato","publisher":{"@id":"https:\/\/igmi.esercito.difesa.it\/en\/#organization"},"potentialAction":[{"@type":"SearchAction","target":{"@type":"EntryPoint","urlTemplate":"https:\/\/igmi.esercito.difesa.it\/en\/?s={search_term_string}"},"query-input":{"@type":"PropertyValueSpecification","valueRequired":true,"valueName":"search_term_string"}}],"inLanguage":"en-US"},{"@type":"Organization","@id":"https:\/\/igmi.esercito.difesa.it\/en\/#organization","name":"Istituto Geografico Militare","url":"https:\/\/igmi.esercito.difesa.it\/en\/","logo":{"@type":"ImageObject","inLanguage":"en-US","@id":"https:\/\/igmi.esercito.difesa.it\/en\/#\/schema\/logo\/image\/","url":"https:\/\/igmi.esercito.difesa.it\/wp-content\/uploads\/2025\/04\/Logo-igm.webp","contentUrl":"https:\/\/igmi.esercito.difesa.it\/wp-content\/uploads\/2025\/04\/Logo-igm.webp","width":1320,"height":1696,"caption":"Istituto Geografico Militare"},"image":{"@id":"https:\/\/igmi.esercito.difesa.it\/en\/#\/schema\/logo\/image\/"}}]}},"_links":{"self":[{"href":"https:\/\/igmi.esercito.difesa.it\/en\/wp-json\/wp\/v2\/product\/394125","targetHints":{"allow":["GET"]}}],"collection":[{"href":"https:\/\/igmi.esercito.difesa.it\/en\/wp-json\/wp\/v2\/product"}],"about":[{"href":"https:\/\/igmi.esercito.difesa.it\/en\/wp-json\/wp\/v2\/types\/product"}],"wp:featuredmedia":[{"embeddable":true,"href":"https:\/\/igmi.esercito.difesa.it\/en\/wp-json\/wp\/v2\/media\/698211"}],"wp:attachment":[{"href":"https:\/\/igmi.esercito.difesa.it\/en\/wp-json\/wp\/v2\/media?parent=394125"}],"wp:term":[{"taxonomy":"product_brand","embeddable":true,"href":"https:\/\/igmi.esercito.difesa.it\/en\/wp-json\/wp\/v2\/product_brand?post=394125"},{"taxonomy":"product_cat","embeddable":true,"href":"https:\/\/igmi.esercito.difesa.it\/en\/wp-json\/wp\/v2\/product_cat?post=394125"},{"taxonomy":"product_tag","embeddable":true,"href":"https:\/\/igmi.esercito.difesa.it\/en\/wp-json\/wp\/v2\/product_tag?post=394125"}],"curies":[{"name":"wp","href":"https:\/\/api.w.org\/{rel}","templated":true}]}}