{"id":395003,"date":"2025-06-29T12:12:20","date_gmt":"2025-06-29T10:12:20","guid":{"rendered":"https:\/\/igmi.esercito.difesa.it\/prodotto\/394183\/"},"modified":"2026-04-09T19:24:11","modified_gmt":"2026-04-09T17:24:11","slug":"394183","status":"publish","type":"product","link":"https:\/\/igmi.esercito.difesa.it\/en\/prodotto\/394183\/","title":{"rendered":"CARTE GEOMETRIQUE D&#8217;UNE PORTION DE LA PROVINCE DE FAUCIGNY REDUITE DE L&#8217;ORIGINAL DE PREMIER REDUCTION, QUI SE TROUVE DANS LES ARCHIVES DE S. M. OSSIA PARTE SUPERIORE DEL BACINO DELL&#8217;ARLY SINO AD HERY ALLA SCALA DI 1 A 23.625."},"content":{"rendered":"<p>Un foglio acquerellato a pi\u00f9 tinte senza indicazione di autore n\u00e8 di data, ma riferibile alla seconda met\u00e0 del secolo XVIII. La rappresentazione \u00e8 limitata alla zona indicata nel titolo di cui sono tracciati i limiti a nord ad ovest e a sud col territorio ginevrino e colla Savoia. Manca il reticolato geografico. L&#8217;orientamento \u00e8 segnato da una freccia indicante il nord. Sono segnati i confini dei comuni di La Gietaz, St. Nicolas de la Chapelle, Hery sur Vigne, Croix Vallant, N. N. de Bellecombe, Flumet e Megeve. Sono inoltre rappresentati, con speciale tinta e chiaramente delimitati, i boschi. Orografia ad acquerello in modo affatto schematico. Documento interessante per la topografia storica della regione.<\/p>\n","protected":false},"excerpt":{"rendered":"<p>Un foglio acquerellato a pi\u00f9 tinte senza indicazione di autore n\u00e8 di data, ma riferibile alla seconda met\u00e0 del secolo XVIII. La rappresentazione \u00e8 limitata alla zona indicata nel titolo di cui sono tracciati i limiti a nord ad ovest e a sud col territorio ginevrino e colla Savoia. Manca il reticolato geografico. L&#8217;orientamento \u00e8 [&hellip;]<\/p>\n","protected":false},"featured_media":714864,"template":"","meta":{"_acf_changed":false},"product_brand":[],"product_cat":[191,447],"product_tag":[334],"class_list":{"0":"post-395003","1":"product","2":"type-product","3":"status-publish","4":"has-post-thumbnail","6":"product_cat-carte-antiche","7":"product_cat-tecnica_risoluzione_carta_antica","8":"product_tag-carta-antica","10":"first","11":"instock","12":"downloadable","13":"virtual","14":"sold-individually","15":"taxable","16":"purchasable","17":"product-type-simple"},"acf":[],"yoast_head":"<!-- This site is optimized with the Yoast SEO plugin v26.4 - https:\/\/yoast.com\/wordpress\/plugins\/seo\/ -->\n<title>CARTE GEOMETRIQUE D&#039;UNE PORTION DE LA PROVINCE DE FAUCIGNY REDUITE DE L&#039;ORIGINAL DE PREMIER REDUCTION, QUI SE TROUVE DANS LES ARCHIVES DE S. M. OSSIA PARTE SUPERIORE DEL BACINO DELL&#039;ARLY SINO AD HERY ALLA SCALA DI 1 A 23.625. - Istituto Geografico Militare<\/title>\n<meta name=\"robots\" content=\"index, follow, max-snippet:-1, max-image-preview:large, max-video-preview:-1\" \/>\n<link rel=\"canonical\" href=\"https:\/\/igmi.esercito.difesa.it\/en\/prodotto\/394183\/\" \/>\n<meta property=\"og:locale\" content=\"en_US\" \/>\n<meta property=\"og:type\" content=\"article\" \/>\n<meta property=\"og:title\" content=\"CARTE GEOMETRIQUE D&#039;UNE PORTION DE LA PROVINCE DE FAUCIGNY REDUITE DE L&#039;ORIGINAL DE PREMIER REDUCTION, QUI SE TROUVE DANS LES ARCHIVES DE S. M. OSSIA PARTE SUPERIORE DEL BACINO DELL&#039;ARLY SINO AD HERY ALLA SCALA DI 1 A 23.625. - Istituto Geografico Militare\" \/>\n<meta property=\"og:description\" content=\"Un foglio acquerellato a pi\u00f9 tinte senza indicazione di autore n\u00e8 di data, ma riferibile alla seconda met\u00e0 del secolo XVIII. La rappresentazione \u00e8 limitata alla zona indicata nel titolo di cui sono tracciati i limiti a nord ad ovest e a sud col territorio ginevrino e colla Savoia. Manca il reticolato geografico. L&#8217;orientamento \u00e8 [&hellip;]\" \/>\n<meta property=\"og:url\" content=\"https:\/\/igmi.esercito.difesa.it\/en\/prodotto\/394183\/\" \/>\n<meta property=\"og:site_name\" content=\"Istituto Geografico Militare\" \/>\n<meta property=\"article:modified_time\" content=\"2026-04-09T17:24:11+00:00\" \/>\n<meta property=\"og:image\" content=\"https:\/\/igmi.esercito.difesa.it\/wp-content\/uploads\/CA000065.jpg\" \/>\n\t<meta property=\"og:image:width\" content=\"1000\" \/>\n\t<meta property=\"og:image:height\" content=\"873\" \/>\n\t<meta property=\"og:image:type\" content=\"image\/jpeg\" \/>\n<meta name=\"twitter:card\" content=\"summary_large_image\" \/>\n<meta name=\"twitter:label1\" content=\"Est. reading time\" \/>\n\t<meta name=\"twitter:data1\" content=\"1 minute\" \/>\n<script type=\"application\/ld+json\" class=\"yoast-schema-graph\">{\"@context\":\"https:\/\/schema.org\",\"@graph\":[{\"@type\":\"WebPage\",\"@id\":\"https:\/\/igmi.esercito.difesa.it\/en\/prodotto\/394183\/\",\"url\":\"https:\/\/igmi.esercito.difesa.it\/en\/prodotto\/394183\/\",\"name\":\"CARTE GEOMETRIQUE D'UNE PORTION DE LA PROVINCE DE FAUCIGNY REDUITE DE L'ORIGINAL DE PREMIER REDUCTION, QUI SE TROUVE DANS LES ARCHIVES DE S. M. OSSIA PARTE SUPERIORE DEL BACINO DELL'ARLY SINO AD HERY ALLA SCALA DI 1 A 23.625. - Istituto Geografico Militare\",\"isPartOf\":{\"@id\":\"https:\/\/igmi.esercito.difesa.it\/en\/#website\"},\"primaryImageOfPage\":{\"@id\":\"https:\/\/igmi.esercito.difesa.it\/en\/prodotto\/394183\/#primaryimage\"},\"image\":{\"@id\":\"https:\/\/igmi.esercito.difesa.it\/en\/prodotto\/394183\/#primaryimage\"},\"thumbnailUrl\":\"https:\/\/igmi.esercito.difesa.it\/wp-content\/uploads\/CA000065.jpg\",\"datePublished\":\"2025-06-29T10:12:20+00:00\",\"dateModified\":\"2026-04-09T17:24:11+00:00\",\"breadcrumb\":{\"@id\":\"https:\/\/igmi.esercito.difesa.it\/en\/prodotto\/394183\/#breadcrumb\"},\"inLanguage\":\"en-US\",\"potentialAction\":[{\"@type\":\"ReadAction\",\"target\":[\"https:\/\/igmi.esercito.difesa.it\/en\/prodotto\/394183\/\"]}]},{\"@type\":\"ImageObject\",\"inLanguage\":\"en-US\",\"@id\":\"https:\/\/igmi.esercito.difesa.it\/en\/prodotto\/394183\/#primaryimage\",\"url\":\"https:\/\/igmi.esercito.difesa.it\/wp-content\/uploads\/CA000065.jpg\",\"contentUrl\":\"https:\/\/igmi.esercito.difesa.it\/wp-content\/uploads\/CA000065.jpg\",\"width\":1000,\"height\":873},{\"@type\":\"BreadcrumbList\",\"@id\":\"https:\/\/igmi.esercito.difesa.it\/en\/prodotto\/394183\/#breadcrumb\",\"itemListElement\":[{\"@type\":\"ListItem\",\"position\":1,\"name\":\"Home\",\"item\":\"https:\/\/igmi.esercito.difesa.it\/en\/\"},{\"@type\":\"ListItem\",\"position\":2,\"name\":\"Products\",\"item\":\"https:\/\/igmi.esercito.difesa.it\/en\/shop\/\"},{\"@type\":\"ListItem\",\"position\":3,\"name\":\"CARTE GEOMETRIQUE D&#8217;UNE PORTION DE LA PROVINCE DE FAUCIGNY REDUITE DE L&#8217;ORIGINAL DE PREMIER REDUCTION, QUI SE TROUVE DANS LES ARCHIVES DE S. M. OSSIA PARTE SUPERIORE DEL BACINO DELL&#8217;ARLY SINO AD HERY ALLA SCALA DI 1 A 23.625.\"}]},{\"@type\":\"WebSite\",\"@id\":\"https:\/\/igmi.esercito.difesa.it\/en\/#website\",\"url\":\"https:\/\/igmi.esercito.difesa.it\/en\/\",\"name\":\"Istituto Geografico Militare\",\"description\":\"Ente cartografico dello stato\",\"publisher\":{\"@id\":\"https:\/\/igmi.esercito.difesa.it\/en\/#organization\"},\"potentialAction\":[{\"@type\":\"SearchAction\",\"target\":{\"@type\":\"EntryPoint\",\"urlTemplate\":\"https:\/\/igmi.esercito.difesa.it\/en\/?s={search_term_string}\"},\"query-input\":{\"@type\":\"PropertyValueSpecification\",\"valueRequired\":true,\"valueName\":\"search_term_string\"}}],\"inLanguage\":\"en-US\"},{\"@type\":\"Organization\",\"@id\":\"https:\/\/igmi.esercito.difesa.it\/en\/#organization\",\"name\":\"Istituto Geografico Militare\",\"url\":\"https:\/\/igmi.esercito.difesa.it\/en\/\",\"logo\":{\"@type\":\"ImageObject\",\"inLanguage\":\"en-US\",\"@id\":\"https:\/\/igmi.esercito.difesa.it\/en\/#\/schema\/logo\/image\/\",\"url\":\"https:\/\/igmi.esercito.difesa.it\/wp-content\/uploads\/2025\/04\/Logo-igm.webp\",\"contentUrl\":\"https:\/\/igmi.esercito.difesa.it\/wp-content\/uploads\/2025\/04\/Logo-igm.webp\",\"width\":1320,\"height\":1696,\"caption\":\"Istituto Geografico Militare\"},\"image\":{\"@id\":\"https:\/\/igmi.esercito.difesa.it\/en\/#\/schema\/logo\/image\/\"}}]}<\/script>\n<!-- \/ Yoast SEO plugin. -->","yoast_head_json":{"title":"CARTE GEOMETRIQUE D'UNE PORTION DE LA PROVINCE DE FAUCIGNY REDUITE DE L'ORIGINAL DE PREMIER REDUCTION, QUI SE TROUVE DANS LES ARCHIVES DE S. M. OSSIA PARTE SUPERIORE DEL BACINO DELL'ARLY SINO AD HERY ALLA SCALA DI 1 A 23.625. - Istituto Geografico Militare","robots":{"index":"index","follow":"follow","max-snippet":"max-snippet:-1","max-image-preview":"max-image-preview:large","max-video-preview":"max-video-preview:-1"},"canonical":"https:\/\/igmi.esercito.difesa.it\/en\/prodotto\/394183\/","og_locale":"en_US","og_type":"article","og_title":"CARTE GEOMETRIQUE D'UNE PORTION DE LA PROVINCE DE FAUCIGNY REDUITE DE L'ORIGINAL DE PREMIER REDUCTION, QUI SE TROUVE DANS LES ARCHIVES DE S. M. OSSIA PARTE SUPERIORE DEL BACINO DELL'ARLY SINO AD HERY ALLA SCALA DI 1 A 23.625. - Istituto Geografico Militare","og_description":"Un foglio acquerellato a pi\u00f9 tinte senza indicazione di autore n\u00e8 di data, ma riferibile alla seconda met\u00e0 del secolo XVIII. La rappresentazione \u00e8 limitata alla zona indicata nel titolo di cui sono tracciati i limiti a nord ad ovest e a sud col territorio ginevrino e colla Savoia. Manca il reticolato geografico. L&#8217;orientamento \u00e8 [&hellip;]","og_url":"https:\/\/igmi.esercito.difesa.it\/en\/prodotto\/394183\/","og_site_name":"Istituto Geografico Militare","article_modified_time":"2026-04-09T17:24:11+00:00","og_image":[{"width":1000,"height":873,"url":"https:\/\/igmi.esercito.difesa.it\/wp-content\/uploads\/CA000065.jpg","type":"image\/jpeg"}],"twitter_card":"summary_large_image","twitter_misc":{"Est. reading time":"1 minute"},"schema":{"@context":"https:\/\/schema.org","@graph":[{"@type":"WebPage","@id":"https:\/\/igmi.esercito.difesa.it\/en\/prodotto\/394183\/","url":"https:\/\/igmi.esercito.difesa.it\/en\/prodotto\/394183\/","name":"CARTE GEOMETRIQUE D'UNE PORTION DE LA PROVINCE DE FAUCIGNY REDUITE DE L'ORIGINAL DE PREMIER REDUCTION, QUI SE TROUVE DANS LES ARCHIVES DE S. M. OSSIA PARTE SUPERIORE DEL BACINO DELL'ARLY SINO AD HERY ALLA SCALA DI 1 A 23.625. - Istituto Geografico Militare","isPartOf":{"@id":"https:\/\/igmi.esercito.difesa.it\/en\/#website"},"primaryImageOfPage":{"@id":"https:\/\/igmi.esercito.difesa.it\/en\/prodotto\/394183\/#primaryimage"},"image":{"@id":"https:\/\/igmi.esercito.difesa.it\/en\/prodotto\/394183\/#primaryimage"},"thumbnailUrl":"https:\/\/igmi.esercito.difesa.it\/wp-content\/uploads\/CA000065.jpg","datePublished":"2025-06-29T10:12:20+00:00","dateModified":"2026-04-09T17:24:11+00:00","breadcrumb":{"@id":"https:\/\/igmi.esercito.difesa.it\/en\/prodotto\/394183\/#breadcrumb"},"inLanguage":"en-US","potentialAction":[{"@type":"ReadAction","target":["https:\/\/igmi.esercito.difesa.it\/en\/prodotto\/394183\/"]}]},{"@type":"ImageObject","inLanguage":"en-US","@id":"https:\/\/igmi.esercito.difesa.it\/en\/prodotto\/394183\/#primaryimage","url":"https:\/\/igmi.esercito.difesa.it\/wp-content\/uploads\/CA000065.jpg","contentUrl":"https:\/\/igmi.esercito.difesa.it\/wp-content\/uploads\/CA000065.jpg","width":1000,"height":873},{"@type":"BreadcrumbList","@id":"https:\/\/igmi.esercito.difesa.it\/en\/prodotto\/394183\/#breadcrumb","itemListElement":[{"@type":"ListItem","position":1,"name":"Home","item":"https:\/\/igmi.esercito.difesa.it\/en\/"},{"@type":"ListItem","position":2,"name":"Products","item":"https:\/\/igmi.esercito.difesa.it\/en\/shop\/"},{"@type":"ListItem","position":3,"name":"CARTE GEOMETRIQUE D&#8217;UNE PORTION DE LA PROVINCE DE FAUCIGNY REDUITE DE L&#8217;ORIGINAL DE PREMIER REDUCTION, QUI SE TROUVE DANS LES ARCHIVES DE S. M. OSSIA PARTE SUPERIORE DEL BACINO DELL&#8217;ARLY SINO AD HERY ALLA SCALA DI 1 A 23.625."}]},{"@type":"WebSite","@id":"https:\/\/igmi.esercito.difesa.it\/en\/#website","url":"https:\/\/igmi.esercito.difesa.it\/en\/","name":"Istituto Geografico Militare","description":"Ente cartografico dello stato","publisher":{"@id":"https:\/\/igmi.esercito.difesa.it\/en\/#organization"},"potentialAction":[{"@type":"SearchAction","target":{"@type":"EntryPoint","urlTemplate":"https:\/\/igmi.esercito.difesa.it\/en\/?s={search_term_string}"},"query-input":{"@type":"PropertyValueSpecification","valueRequired":true,"valueName":"search_term_string"}}],"inLanguage":"en-US"},{"@type":"Organization","@id":"https:\/\/igmi.esercito.difesa.it\/en\/#organization","name":"Istituto Geografico Militare","url":"https:\/\/igmi.esercito.difesa.it\/en\/","logo":{"@type":"ImageObject","inLanguage":"en-US","@id":"https:\/\/igmi.esercito.difesa.it\/en\/#\/schema\/logo\/image\/","url":"https:\/\/igmi.esercito.difesa.it\/wp-content\/uploads\/2025\/04\/Logo-igm.webp","contentUrl":"https:\/\/igmi.esercito.difesa.it\/wp-content\/uploads\/2025\/04\/Logo-igm.webp","width":1320,"height":1696,"caption":"Istituto Geografico Militare"},"image":{"@id":"https:\/\/igmi.esercito.difesa.it\/en\/#\/schema\/logo\/image\/"}}]}},"_links":{"self":[{"href":"https:\/\/igmi.esercito.difesa.it\/en\/wp-json\/wp\/v2\/product\/395003","targetHints":{"allow":["GET"]}}],"collection":[{"href":"https:\/\/igmi.esercito.difesa.it\/en\/wp-json\/wp\/v2\/product"}],"about":[{"href":"https:\/\/igmi.esercito.difesa.it\/en\/wp-json\/wp\/v2\/types\/product"}],"wp:featuredmedia":[{"embeddable":true,"href":"https:\/\/igmi.esercito.difesa.it\/en\/wp-json\/wp\/v2\/media\/714864"}],"wp:attachment":[{"href":"https:\/\/igmi.esercito.difesa.it\/en\/wp-json\/wp\/v2\/media?parent=395003"}],"wp:term":[{"taxonomy":"product_brand","embeddable":true,"href":"https:\/\/igmi.esercito.difesa.it\/en\/wp-json\/wp\/v2\/product_brand?post=395003"},{"taxonomy":"product_cat","embeddable":true,"href":"https:\/\/igmi.esercito.difesa.it\/en\/wp-json\/wp\/v2\/product_cat?post=395003"},{"taxonomy":"product_tag","embeddable":true,"href":"https:\/\/igmi.esercito.difesa.it\/en\/wp-json\/wp\/v2\/product_tag?post=395003"}],"curies":[{"name":"wp","href":"https:\/\/api.w.org\/{rel}","templated":true}]}}